{"id":715,"date":"2022-11-11T12:14:04","date_gmt":"2022-11-11T12:14:04","guid":{"rendered":"https:\/\/youndigital.com\/?page_id=715"},"modified":"2025-03-06T15:53:49","modified_gmt":"2025-03-06T15:53:49","slug":"disseminacao","status":"publish","type":"page","link":"https:\/\/youndigital.com\/index.php\/disseminacao\/","title":{"rendered":"Dissemina\u00e7\u00e3o"},"content":{"rendered":"\t\t<div data-elementor-type=\"wp-page\" data-elementor-id=\"715\" class=\"elementor elementor-715\" data-elementor-settings=\"{&quot;ha_cmc_init_switcher&quot;:&quot;no&quot;}\">\n\t\t\t\t\t\t<section class=\"elementor-section elementor-top-section elementor-element elementor-element-2a86923 elementor-section-boxed elementor-section-height-default elementor-section-height-default\" data-id=\"2a86923\" data-element_type=\"section\" data-settings=\"{&quot;_ha_eqh_enable&quot;:false}\">\n\t\t\t\t\t\t<div class=\"elementor-container elementor-column-gap-default\">\n\t\t\t\t\t<div class=\"elementor-column elementor-col-100 elementor-top-column elementor-element elementor-element-dfd0608\" data-id=\"dfd0608\" data-element_type=\"column\">\n\t\t\t<div class=\"elementor-widget-wrap elementor-element-populated\">\n\t\t\t\t\t\t<div class=\"elementor-element elementor-element-cc40b26 elementor-widget elementor-widget-menu-anchor\" data-id=\"cc40b26\" data-element_type=\"widget\" data-widget_type=\"menu-anchor.default\">\n\t\t\t\t<div class=\"elementor-widget-container\">\n\t\t\t\t\t\t\t<div class=\"elementor-menu-anchor\" id=\"projeto\"><\/div>\n\t\t\t\t\t\t<\/div>\n\t\t\t\t<\/div>\n\t\t\t\t\t<\/div>\n\t\t<\/div>\n\t\t\t\t\t<\/div>\n\t\t<\/section>\n\t\t\t\t<section class=\"elementor-section elementor-top-section elementor-element elementor-element-b31226f elementor-section-boxed elementor-section-height-default elementor-section-height-default\" data-id=\"b31226f\" data-element_type=\"section\" data-settings=\"{&quot;_ha_eqh_enable&quot;:false}\">\n\t\t\t\t\t\t<div class=\"elementor-container elementor-column-gap-default\">\n\t\t\t\t\t<div class=\"elementor-column elementor-col-100 elementor-top-column elementor-element elementor-element-0ffde58\" data-id=\"0ffde58\" data-element_type=\"column\">\n\t\t\t<div class=\"elementor-widget-wrap elementor-element-populated\">\n\t\t\t\t\t\t<div class=\"elementor-element elementor-element-e1c530c elementor-widget elementor-widget-spacer\" data-id=\"e1c530c\" data-element_type=\"widget\" data-widget_type=\"spacer.default\">\n\t\t\t\t<div class=\"elementor-widget-container\">\n\t\t\t\t\t\t\t<div class=\"elementor-spacer\">\n\t\t\t<div class=\"elementor-spacer-inner\"><\/div>\n\t\t<\/div>\n\t\t\t\t\t\t<\/div>\n\t\t\t\t<\/div>\n\t\t\t\t\t<\/div>\n\t\t<\/div>\n\t\t\t\t\t<\/div>\n\t\t<\/section>\n\t\t\t\t<section class=\"elementor-section elementor-top-section elementor-element elementor-element-ba1dfa8 elementor-section-boxed elementor-section-height-default elementor-section-height-default\" data-id=\"ba1dfa8\" data-element_type=\"section\" data-settings=\"{&quot;_ha_eqh_enable&quot;:false}\">\n\t\t\t\t\t\t<div class=\"elementor-container elementor-column-gap-default\">\n\t\t\t\t\t<div class=\"elementor-column elementor-col-33 elementor-top-column elementor-element elementor-element-3ef3691\" data-id=\"3ef3691\" data-element_type=\"column\">\n\t\t\t<div class=\"elementor-widget-wrap elementor-element-populated\">\n\t\t\t\t\t\t<div class=\"elementor-element elementor-element-6433441 elementor-widget elementor-widget-text-editor\" data-id=\"6433441\" data-element_type=\"widget\" data-widget_type=\"text-editor.default\">\n\t\t\t\t<div class=\"elementor-widget-container\">\n\t\t\t\t\t\t\t\t\t<p>Dissemina\u00e7\u00e3o<\/p>\t\t\t\t\t\t\t\t<\/div>\n\t\t\t\t<\/div>\n\t\t\t\t\t<\/div>\n\t\t<\/div>\n\t\t\t\t<div class=\"elementor-column elementor-col-33 elementor-top-column elementor-element elementor-element-af693f6\" data-id=\"af693f6\" data-element_type=\"column\">\n\t\t\t<div class=\"elementor-widget-wrap\">\n\t\t\t\t\t\t\t<\/div>\n\t\t<\/div>\n\t\t\t\t<div class=\"elementor-column elementor-col-33 elementor-top-column elementor-element elementor-element-9755216\" data-id=\"9755216\" data-element_type=\"column\">\n\t\t\t<div class=\"elementor-widget-wrap\">\n\t\t\t\t\t\t\t<\/div>\n\t\t<\/div>\n\t\t\t\t\t<\/div>\n\t\t<\/section>\n\t\t\t\t<section class=\"elementor-section elementor-top-section elementor-element elementor-element-51ab514 elementor-section-boxed elementor-section-height-default elementor-section-height-default\" data-id=\"51ab514\" data-element_type=\"section\" data-settings=\"{&quot;_ha_eqh_enable&quot;:false}\">\n\t\t\t\t\t\t<div class=\"elementor-container elementor-column-gap-default\">\n\t\t\t\t\t<div class=\"elementor-column elementor-col-100 elementor-top-column elementor-element elementor-element-9298bee\" data-id=\"9298bee\" data-element_type=\"column\">\n\t\t\t<div class=\"elementor-widget-wrap\">\n\t\t\t\t\t\t\t<\/div>\n\t\t<\/div>\n\t\t\t\t\t<\/div>\n\t\t<\/section>\n\t\t\t\t<section class=\"elementor-section elementor-top-section elementor-element elementor-element-213c579 elementor-section-boxed elementor-section-height-default elementor-section-height-default\" data-id=\"213c579\" data-element_type=\"section\" data-settings=\"{&quot;_ha_eqh_enable&quot;:false}\">\n\t\t\t\t\t\t<div class=\"elementor-container elementor-column-gap-default\">\n\t\t\t\t\t<div class=\"elementor-column elementor-col-100 elementor-top-column elementor-element elementor-element-f2a72cf\" data-id=\"f2a72cf\" data-element_type=\"column\">\n\t\t\t<div class=\"elementor-widget-wrap elementor-element-populated\">\n\t\t\t\t\t\t<div class=\"elementor-element elementor-element-9625b42 elementor-widget elementor-widget-spacer\" data-id=\"9625b42\" data-element_type=\"widget\" data-widget_type=\"spacer.default\">\n\t\t\t\t<div class=\"elementor-widget-container\">\n\t\t\t\t\t\t\t<div class=\"elementor-spacer\">\n\t\t\t<div class=\"elementor-spacer-inner\"><\/div>\n\t\t<\/div>\n\t\t\t\t\t\t<\/div>\n\t\t\t\t<\/div>\n\t\t\t\t<div class=\"elementor-element elementor-element-08fbe05 elementor-widget elementor-widget-eael-adv-accordion\" data-id=\"08fbe05\" data-element_type=\"widget\" data-widget_type=\"eael-adv-accordion.default\">\n\t\t\t\t<div class=\"elementor-widget-container\">\n\t\t\t\t\t        <div class=\"eael-adv-accordion\" id=\"eael-adv-accordion-08fbe05\" data-scroll-on-click=\"no\" data-scroll-speed=\"300\" data-accordion-id=\"08fbe05\" data-accordion-type=\"accordion\" data-toogle-speed=\"300\">\n    <div class=\"eael-accordion-list\">\n                <div id=\"artigos-livros-e-captulos-de-livros\" class=\"elementor-tab-title eael-accordion-header\" tabindex=\"0\" data-tab=\"1\" aria-controls=\"elementor-tab-content-9421\"><span class=\"eael-advanced-accordion-icon-closed\"><i aria-hidden=\"true\" class=\"fa-accordion-icon fas fa-plus\"><\/i><\/span><span class=\"eael-advanced-accordion-icon-opened\"><i aria-hidden=\"true\" class=\"fa-accordion-icon fas fa-minus\"><\/i><\/span><span class=\"eael-accordion-tab-title\">Artigos, livros e cap\u00edtulos de livros<\/span><i aria-hidden=\"true\" class=\"fa-toggle fas fa-angle-right\"><\/i><\/div><div id=\"elementor-tab-content-9421\" class=\"eael-accordion-content clearfix\" data-tab=\"1\" aria-labelledby=\"artigos-livros-e-captulos-de-livros\"><p class=\"p1\">Maneta, M., Brites, M. J. &amp; Castro, T. S. (2024). Jovens, not\u00edcias e cidadania digital: (des)conex\u00f5es numa sociedade profundamente digitalizada. In Bonacho, F. (Ed.), <i>VI Congresso literacia, media e cidadania transi\u00e7\u00e3o digital e pol\u00edticas p\u00fablicas<\/i>. pp. 269-282. Instituto Polit\u00e9cnico de Lisboa.<\/p><p class=\"p1\">Mesquita, L., Maneta, M., &amp; Brites, M. (2024). Beyond Verification: The Evolving Role of Fact-Checking Organisations in Media Literacy Education for Youth. <i>Media and Communication, 12<\/i>, Article 8690. <a href=\"https:\/\/doi.org\/10.17645\/mac.8690\" target=\"_blank\" rel=\"noopener\">https:\/\/doi.org\/10.17645\/mac.8690<\/a><\/p><p class=\"p1\">Maneta, M., Torre, L., Rodrigues, A., Amaral, I., &amp; Jer\u00f3nimo, P. (2024). Jovens e consumo medi\u00e1tico: uma an\u00e1lise comparativa entre desertos e n\u00e3o-desertos de not\u00edcias em Portugal. <i>Media &amp; Jornalismo<\/i>, <i>24<\/i>(45), e4512. <a href=\"https:\/\/doi.org\/10.14195\/2183-5462_45_12\" target=\"_blank\" rel=\"noopener\"><span class=\"s1\">https:\/\/doi.org\/10.14195\/2183-5462_45_12<\/span><\/a><\/p><p class=\"p1\">Sousa, C., Oliveira, A. F., Casimiro, C., L\u00e9ste, J., &amp; Yaman, H. (2024). Explorando o Impacto da Aprendizagem Baseada em Jogos na Literacia de Not\u00edcias e na Cidadania Digital das Pessoas Jovens. <i>Media &amp; Jornalismo, 24<\/i>(45), e4510. <a href=\"https:\/\/doi.org\/10.14195\/2183-5462_45_10\" target=\"_blank\" rel=\"noopener\">https:\/\/doi.org\/10.14195\/2183-5462_45_10<\/a><\/p><p class=\"p1\">M\u00fcller, M. S. (2024). Beyond news consumption: television\u2019s role on younger audiences in Portugal. <i>Media &amp; Jornalismo, 24<\/i>(45), e4506. <a href=\"https:\/\/doi.org\/10.14195\/2183-5462_45_6\" target=\"_blank\" rel=\"noopener\">https:\/\/doi.org\/10.14195\/2183-5462_45_6<\/a><\/p><p class=\"p1\">Brites, M. J., Castro, T. S., &amp; Contreras-Pulido, P. (2024). Young people\u2019s perspectives on the world around them and contexts of digital citizenship. <i>Media &amp; Jornalismo, 24<\/i>(45), e4500.1. <a href=\"https:\/\/doi.org\/10.14195\/2183-5462_45_1_0.1\" target=\"_blank\" rel=\"noopener\"><span class=\"s1\">https:\/\/doi.org\/10.14195\/2183-5462_45_1_0.1<\/span><\/a><\/p><p class=\"p1\">Brites, M. J., Sofia Castro, T., &amp; Contreras-Pulido, P. (2024). Perspetivas dos jovens sobre o mundo que os rodeia e contextos de cidadania digital. <i>Media &amp; Jornalismo<\/i>, <i>24<\/i>(45), e4500. <a href=\"https:\/\/doi.org\/10.14195\/2183-5462_45_1_0\" target=\"_blank\" rel=\"noopener\"><span class=\"s1\">https:\/\/doi.org\/10.14195\/2183-5462_45_1_0<\/span><\/a><\/p><p class=\"p1\">Oliveira, A., Leote de Carvalho, M., &amp; Sousa, C. (2024). Young People\u2019s Diversity and Digital Media: A Systematic Review (2010\u20132022). <i>Media and Communication, 12<\/i>, Article 8237. <a href=\"https:\/\/doi.org\/10.17645\/mac.8237\" target=\"_blank\" rel=\"noopener\">https:\/\/doi.org\/10.17645\/mac.8237<\/a><\/p><p><span style=\"font-weight: 400;\">Brites, M., Castro, T., M\u00fcller, M., &amp; Maneta, M. (2024). Young People Learning About Algorithms: Five Profiles Spanning From Ineptitude to Enchantment. <em>Media and Communication<\/em>, 12. <\/span><a href=\"https:\/\/doi.org\/10.17645\/mac.8272\"><span style=\"font-weight: 400;\">https:\/\/doi.org\/10.17645\/mac.8272<\/span><\/a><\/p><p>Oliveira, A. F., Maneta, M., Brites, M. J. &amp; Ribeiro-Rodrigues, V. (2024). How is Portugal addressing disinformation? Results of a mapping of initiatives (2010-2023). <em>Observatorio (OBS*)<\/em>, 18 (5). <a href=\"http:\/\/dx.doi.org\/10.15847\/obsobs18520242444\" target=\"_blank\" rel=\"noopener\">http:\/\/dx.doi.org\/10.15847\/obsobs18520242444<\/a><\/p><p>Maneta, M., Brites, M.J. (2024). \u201c&#8217;It&#8217;s Fake.\u2019 \u2018No, It&#8217;s not.\u2019 \u2018How is It Fake?\u2019. It Happened to Me and My Grandparents Several Times\u201d: Portuguese Generations\u2019 Dialogues on Fake News. In: Gao, Q., Zhou, J. (eds) <em>Human Aspects of IT for the Aged Population<\/em>. HCII 2024. Lecture Notes in Computer Science, vol 14725. Springer, Cham. <a href=\"https:\/\/doi.org\/10.1007\/978-3-031-61543-6_26\" target=\"_blank\" rel=\"noopener\">https:\/\/doi.org\/10.1007\/978-3-031-61543-6_26<\/a><\/p><p>M\u00fcller, M.S., Oliveira, A.F., Maneta, M., Brites, M.J. (2024). Between the Present and the Past: Using Card-Sorting and Biographical Approaches to Identify News Influencers\u2019 Media Habits. In: Gao, Q., Zhou, J. (eds) <em>Human Aspects of IT for the Aged Population<\/em>. HCII 2024. Lecture Notes in Computer Science, vol 14725. Springer, Cham. <a href=\"https:\/\/doi.org\/10.1007\/978-3-031-61543-6_11\" target=\"_blank\" rel=\"noopener\">https:\/\/doi.org\/10.1007\/978-3-031-61543-6_11<\/a><\/p><p>Brites, M.J., Maneta, M., M\u00fcller, M.S., Amaral, I. (2024). Online Semi-structured Interviews to Better Capture Generational Media Actions: The Relevance of Relaxed, Participative and Reflexive Approaches. In: Gao, Q., Zhou, J. (eds) <em>Human Aspects of IT for the Aged Population. HCII 2024<\/em>. Lecture Notes in Computer Science, vol 14725. Springer, Cham. <a href=\"https:\/\/doi.org\/10.1007\/978-3-031-61543-6_1\" target=\"_blank\" rel=\"noopener\">https:\/\/doi.org\/10.1007\/978-3-031-61543-6_1<\/a><\/p><p>Pinto de Sousa, A., Castro, T.S. (2024). It\u2019s not by Accident! It\u2019s by Design. Design Methods to Reach (Inter)generational Perspective. In: Gao, Q., Zhou, J. (eds) <em>Human Aspects of IT for the Aged Population<\/em>. HCII 2024. Lecture Notes in Computer Science, vol 14725. Springer, Cham. <a href=\"https:\/\/doi.org\/10.1007\/978-3-031-61543-6_6\" target=\"_blank\" rel=\"noopener\">https:\/\/doi.org\/10.1007\/978-3-031-61543-6_6<\/a><\/p><p>Brites, M. J., Castro, T. S., Maneta, M., &amp; Pinto de Sousa, A. (2023). VIEWS OF THE WORLD AND LOOKING INTO THE FUTURE OF NEWS: RESEARCHING YOUTH, NEWS, AND CITIZENSHIP IN PORTUGAL. <em>AoIR Selected Papers of Internet Research<\/em>. <a href=\"https:\/\/doi.org\/10.5210\/spir.v2023i0.13401\" target=\"_blank\" rel=\"noopener\">https:\/\/doi.org\/10.5210\/spir.v2023i0.13401<\/a><\/p><p>Pinto de Sousa, A., Maneta, M., Castro, T.S., Marinho, M., Brites, M.J. (2023). YouNDigital: A Multidisciplinary Co-creation Strategy to Define Audiences, Users, and Contexts of Use of a Digital Newsroom. In: Mori, H., Asahi, Y., Coman, A., Vasilache, S., Rauterberg, M. (Eds). <em>HCI International 2023 \u2013 Late Breaking Papers<\/em>. HCII 2023. Lecture Notes in Computer Science, vol 14056. Springer, Cham. <a href=\"https:\/\/doi.org\/10.1007\/978-3-031-48044-7_24\" target=\"_blank\" rel=\"noopener\">https:\/\/doi.org\/10.1007\/978-3-031-48044-7_24<\/a><\/p><p>Brites, M.J., Castro, T.S., Oliveira, A.F. &amp; Amaral, I. (2022). Contribution Participatory Methodologies and Generational Research. In Q. Gao, J. Zhou (Eds.). <em>Human Aspects of IT for the Aged Population. Design, Interaction and Technology Acceptance<\/em> (pp. 3-11). HCII 2022. Lecture Notes in Computer Science, vol 13330. Springer, Cham. <a href=\"https:\/\/doi.org\/10.1007\/978-3-031-05581-2_1\" target=\"_blank\" rel=\"noopener\">https:\/\/doi.org\/10.1007\/978-3-031-05581-2_1<\/a><\/p><p>Brites, M. J., &amp; Castro, T. S. (2022). Digital rights in digital exclusion settings: the experiences of institutionalised youth in Portuguese detention centres. <em>Journal of Children and Media<\/em>, 1-17. <a href=\"https:\/\/doi.org\/10.1080\/17482798.2022.2145324\" target=\"_blank\" rel=\"noopener\">doi:10.1080\/17482798.2022.2145324<\/a><\/p><p>Brites, M. J., &amp; Castro, T. S. (2022). Digital Rights, Institutionalised Youths, and Contexts of Inequalities. <em>Media &amp; Communication<\/em>, 10 (4). <a href=\"https:\/\/doi.org\/10.17645\/mac.v10i4.5663\" target=\"_blank\" rel=\"noopener\">https:\/\/doi.org\/10.17645\/mac.v10i4.5663<\/a><\/p><\/div>\n                <\/div><div class=\"eael-accordion-list\">\n                <div id=\"comunicaes-keynote-\" class=\"elementor-tab-title eael-accordion-header\" tabindex=\"0\" data-tab=\"2\" aria-controls=\"elementor-tab-content-9422\"><span class=\"eael-advanced-accordion-icon-closed\"><i aria-hidden=\"true\" class=\"fa-accordion-icon fas fa-plus\"><\/i><\/span><span class=\"eael-advanced-accordion-icon-opened\"><i aria-hidden=\"true\" class=\"fa-accordion-icon fas fa-minus\"><\/i><\/span><span class=\"eael-accordion-tab-title\">Comunica\u00e7\u00f5es (Keynote)\t<\/span><i aria-hidden=\"true\" class=\"fa-toggle fas fa-angle-right\"><\/i><\/div><div id=\"elementor-tab-content-9422\" class=\"eael-accordion-content clearfix\" data-tab=\"2\" aria-labelledby=\"comunicaes-keynote-\"><p><strong>outubro de 2023<br \/><\/strong>Castro, T. S. (2023, Outubro 10). <em>Vulnerabilidades (digitais) &#8211; Partilhas do terreno.<\/em> IV Congresso de Direitos da Crian\u00e7a e do Adolescente. Universidade Presbiteriana Mackenzie &#8211; S\u00e3o Paulo, Brasil.<\/p><p>setembro de 2022<br \/>Brites, M.J. (2022, setembro 8-9).<a href=\"https:\/\/mygender.uc.pt\/pt_PT\/mygender-summer-school\/\" target=\"_blank\" rel=\"noopener\"> <em>As not\u00edcias sentidas atrav\u00e9s das lentes de g\u00e9nero<\/em><\/a> [Escola]. My Gender Summer School, Literacias c\u00edvicas e cr\u00edticas, Porto, Portugal.\u00a0<\/p><p><strong><br \/>abril de 2022<\/strong><br \/>Brites, M.J. (2022, abril 27). <a href=\"https:\/\/observatoriodoaudiovisual.com.br\/encontro-4\/\" target=\"_blank\" rel=\"noopener\"><em>Literacias cr\u00edticas com os media e os contextos das nossas vidas: um olhar sobre jovens, not\u00edcias e produ\u00e7\u00e3o de media<\/em><\/a> [Encontro]. Semin\u00e1rio de Forma\u00e7\u00e3o em Literacia Midi\u00e1tica, Observat\u00f3rio da Qualidade no Audiovisual, Universidade Federal Juiz de Fora (UFJF), Via Zoom.\u00a0<\/p><p><strong><br \/>novembro de 2021<\/strong><\/p><p>Brites, M.J. (2021). <em>The need for a diversity of voices in media (literacy) studies<\/em> [Confer\u00eancia]. Hybrid Workshop, Inclusive Media Education for Diverse Societies, Universidade de Groningen, Pa\u00edses Baixos.\u00a0<\/p><\/div>\n                <\/div><div class=\"eael-accordion-list\">\n                <div id=\"comunicaes-apresentao-por-convite\" class=\"elementor-tab-title eael-accordion-header\" tabindex=\"0\" data-tab=\"3\" aria-controls=\"elementor-tab-content-9423\"><span class=\"eael-advanced-accordion-icon-closed\"><i aria-hidden=\"true\" class=\"fa-accordion-icon fas fa-plus\"><\/i><\/span><span class=\"eael-advanced-accordion-icon-opened\"><i aria-hidden=\"true\" class=\"fa-accordion-icon fas fa-minus\"><\/i><\/span><span class=\"eael-accordion-tab-title\">Comunica\u00e7\u00f5es (Apresenta\u00e7\u00e3o por convite)<\/span><i aria-hidden=\"true\" class=\"fa-toggle fas fa-angle-right\"><\/i><\/div><div id=\"elementor-tab-content-9423\" class=\"eael-accordion-content clearfix\" data-tab=\"3\" aria-labelledby=\"comunicaes-apresentao-por-convite\"><p><strong>dezembro de 2024<\/strong><\/p><p><span style=\"font-weight: 400;\">Brites, M. J. (2024). <\/span><i><span style=\"font-weight: 400;\">Jovens, Not\u00edcias e Cidadania Digital<\/span><\/i><span style=\"font-weight: 400;\">. Observat\u00f3rio da Qualidade no Audiovisual, via Zoom.<\/span><\/p><p><span style=\"font-weight: 400;\">Brites, M. J. &amp; Tavares, S. (2024). <\/span><i><span style=\"font-weight: 400;\">YouNDigital \u2013 Youth, News and Digital Citizenship<\/span><\/i><span style=\"font-weight: 400;\">. Conselho da Europa, via Zoom.<\/span><\/p><p><strong>junho de 2023<br \/><\/strong>Maneta, M. &amp; Torre, L. (2023, junho 14). <em>Jovens e consumo de informa\u00e7\u00e3o nos \u201cdesertos de not\u00edcias\u201d em Portugal<\/em> [Semin\u00e1rio]. Semin\u00e1rio MediaTrust.Lab Jornalismo de Proximidade de Audi\u00eancias, Coimbra, Portugal.<br \/><strong><br \/>outubro de 2022<\/strong><br \/>Brites, M.J. (2022, outubro 11). <a href=\"https:\/\/www.cics.nova.fcsh.unl.pt\/agenda\/2022-10\/digital-activisms-in-dialogue?fbclid=IwAR01EvhOoASzx4JZ6tOxVBsuWFDVzlZ63daAKRUYH5s5_e1uEJz735iE1Fw\" target=\"_blank\" rel=\"noopener\"><em>Leituras do mundo e os (des)encontros com a cidadania<\/em><\/a> [Semin\u00e1rio]. Semin\u00e1rio Ativismos Digitais em Di\u00e1logo, CICS.NOVA Lisboa, Portugal.<\/p><p><strong><br \/>julho de 2022<\/strong><br \/>Brites, M.J. (2022, julho 2).<a href=\"https:\/\/ispup.up.pt\/projeto\/forest-fm-envolvimento-de-jovens-na-prevencao-dos-incendios-rurais-atraves-de-um-programa-de-radio-participativo\/\" target=\"_blank\" rel=\"noopener\"> <em>RadioActive, desafios e motiva\u00e7\u00f5es<\/em><\/a> [Encontro]. ForestFM: O futuro das r\u00e1dios escolares e comunit\u00e1rias, Porto, Portugal.<\/p><p><strong><br \/>maio de 2022<\/strong><br \/>Castro, T.S. (2022, maio 31). <a href=\"https:\/\/www.cm-viladoconde.pt\/pages\/655?news_id=6294\" target=\"_blank\" rel=\"noopener\"><em>O impacto nas rela\u00e7\u00f5es interpessoais<\/em><\/a> [Confer\u00eancia]. 12\u00baas Jornadas Sociais Intermunicipais, Co(m) Vid(a): Que desafios? Que oportunidades?, Vila do Conde, Portugal.<\/p><p>Brites, M.J. (2022, maio 17-18). <a href=\"https:\/\/esg.ipca.pt\/noticia\/jornadas-da-escola-superior-de-gestao\/\" target=\"_blank\" rel=\"noopener\"><em>Jovens, jornalismo e desafios digitais<\/em><\/a> [Semin\u00e1rio]. Jornadas da Escola Superior de Gest\u00e3o do IPCA, Barcelos, Portugal.\u00a0<\/p><p>Brites, M.J. (2022, maio 3). <a href=\"https:\/\/unescoportugal.mne.gov.pt\/images\/Comunica%C3%A7%C3%A3o\/programa__vi_encontro_nacional_de_educacao_para_os_media.pdf\" target=\"_blank\" rel=\"noopener\"><em>RadioActive e Reda\u00e7\u00e3o YouNDigital<\/em><\/a> (online) [Encontro]. IV Encontro Nacional de Educa\u00e7\u00e3o para os Media, Lisboa, Portugal.<\/p><\/div>\n                <\/div><div class=\"eael-accordion-list\">\n                <div id=\"comunicaes-comunicao-por-seleo-de-abstract\" class=\"elementor-tab-title eael-accordion-header\" tabindex=\"0\" data-tab=\"4\" aria-controls=\"elementor-tab-content-9424\"><span class=\"eael-advanced-accordion-icon-closed\"><i aria-hidden=\"true\" class=\"fa-accordion-icon fas fa-plus\"><\/i><\/span><span class=\"eael-advanced-accordion-icon-opened\"><i aria-hidden=\"true\" class=\"fa-accordion-icon fas fa-minus\"><\/i><\/span><span class=\"eael-accordion-tab-title\">Comunica\u00e7\u00f5es (Comunica\u00e7\u00e3o por sele\u00e7\u00e3o de abstract)<\/span><i aria-hidden=\"true\" class=\"fa-toggle fas fa-angle-right\"><\/i><\/div><div id=\"elementor-tab-content-9424\" class=\"eael-accordion-content clearfix\" data-tab=\"4\" aria-labelledby=\"comunicaes-comunicao-por-seleo-de-abstract\"><p><strong>novembro de 2024<\/strong><\/p><p><span style=\"font-weight: 400;\">Jer\u00f3nimo, P., Dourado, T., Torre, L., Brites, M. J. &amp; Amaral, I. (2024, novembro). <\/span><i><span style=\"font-weight: 400;\">MediaTrust.Lab: what we did and what we are doing (2021-2025)<\/span><\/i><span style=\"font-weight: 400;\">. <a href=\"https:\/\/mediatrust.ubi.pt\/events\/conf2024\/\" target=\"_blank\" rel=\"noopener\">Media Trust Final Conference. Covilh\u00e3, Portugal.<\/a><\/span><\/p><p><span style=\"font-weight: 400;\">Maneta, M., Brites, M. J., Torres da Silva, M., Mesquita, L. &amp; Muller, M. (2024, novembro) <\/span><i><span style=\"font-weight: 400;\">Bring Young People Closer To The Journalistic Process: Reflections On Digital Newsroom From <\/span><\/i><i><span style=\"font-weight: 400;\">Youndigital Project<\/span><\/i><span style=\"font-weight: 400;\">. <a href=\"https:\/\/mediatrust.ubi.pt\/events\/conf2024\/\" target=\"_blank\" rel=\"noopener\">Media Trust Final Conference. Covilh\u00e3, Portugal.<\/a><\/span><\/p><p><span style=\"font-weight: 400;\">Mesquita, L., Maneta, M., &amp; Brites, M. (2024, novembro). Beyond Verification: <\/span><i><span style=\"font-weight: 400;\">The Evolving Role of Fact-Checking Organisations in Media Literacy Education for Youth<\/span><\/i><span style=\"font-weight: 400;\">. <\/span><a href=\"https:\/\/mediatrust.ubi.pt\/events\/conf2024\/\" target=\"_blank\" rel=\"noopener\"><span style=\"font-weight: 400;\">Media Trust Final Conference. Covilh\u00e3, Portugal.\u00a0<\/span><\/a><\/p><p><span style=\"font-weight: 400;\">Maneta, M., Brites, M. J., Torres da Silva, M., Mesquita, L. &amp; Muller, M. (2024, novembro) <\/span><i><span style=\"font-weight: 400;\">Engaging Youth in News Through Digital Co-Creation: insights from YouNDigital newsroom<\/span><\/i><span style=\"font-weight: 400;\">. VIII <a href=\"https:\/\/obciber.com\/8-congresso-internacional-de-ciberjornalismo-2024\/\" target=\"_blank\" rel=\"noopener\">Congresso Internacional de Ciberjornalismo. Porto, Portugal.<\/a><\/span><\/p><p><span style=\"font-weight: 400;\">Mesquita, L., Maneta, M., &amp; Brites, M. (2024, novembro). Beyond Verification: <\/span><i><span style=\"font-weight: 400;\">The Evolving Role of Fact-Checking Organisations in Media Literacy Education for Youth<\/span><\/i><span style=\"font-weight: 400;\">. <\/span><a href=\"https:\/\/obciber.com\/8-congresso-internacional-de-ciberjornalismo-2024\/\" target=\"_blank\" rel=\"noopener\"><span style=\"font-weight: 400;\">VIII Congresso Internacional de Ciberjornalismo. Porto, Portugal. <\/span><\/a><\/p><p><strong>outubro de 2024<\/strong><\/p><p><span style=\"font-weight: 400;\">Muller, M. Maneta, M. &amp; Brites, M. J. (2024, outubro).<\/span><i><span style=\"font-weight: 400;\"> Stereotypical Views of Older People among Youth (15-24): Insights from Semi-Structured Interviews<\/span><\/i><span style=\"font-weight: 400;\">. <a href=\"https:\/\/symposium.uoc.edu\/112598\/programme\/jornada-estudios-culturales-movilidades-en-contexto-cultura-popular-comunicacion-y-socialidades.html\" target=\"_blank\" rel=\"noopener\">Jornada Estudios Culturales: Movilidades en contexto: cultura popular, comunicaci\u00f3n y socialidades. Barcelona.<\/a><\/span><\/p><p><strong>setembro de 2024<\/strong><\/p><p><span style=\"font-weight: 400;\">Sousa, C. Oliveira, A., Casimiro, C., L\u00e9ste, J. &amp; Yaman, H. (2024, setembro 23). <\/span><i><span style=\"font-weight: 400;\">Game on! A Systematic Literature Review to Explore the Impact of Game-Based Learning Approaches on Young People\u2019s News Literacy and Digital Citizenship. <\/span><\/i><a href=\"https:\/\/cicant.ulusofona.pt\/activities-and-outreach\/conferences\/115-ecrea-conferences\/1128-ecrea-audiences-preconference-2024-2\" target=\"_blank\" rel=\"noopener\"><span style=\"font-weight: 400;\">2.\u00aa edi\u00e7\u00e3o da Confer\u00eanci<\/span><i><span style=\"font-weight: 400;\">a <\/span><\/i><span style=\"font-weight: 400;\">Young people and news: Breaking boundaries across Europe<\/span> <span style=\"font-weight: 400;\">Liubliana, Eslov\u00e9nia.<\/span><\/a><\/p><p><span style=\"font-weight: 400;\">M\u00fcller, M. Figueiras, R. &amp; Maneta, M. (2024, setembro 23). <\/span><i><span style=\"font-weight: 400;\">\u201cWhat do you mean when you think about politics?\u201d: Young People and Politics in Portugal. <\/span><\/i><a href=\"https:\/\/cicant.ulusofona.pt\/activities-and-outreach\/conferences\/115-ecrea-conferences\/1128-ecrea-audiences-preconference-2024-2\" target=\"_blank\" rel=\"noopener\"><span style=\"font-weight: 400;\">2.\u00aa edi\u00e7\u00e3o da Confer\u00eanci<\/span><i><span style=\"font-weight: 400;\">a <\/span><\/i><span style=\"font-weight: 400;\">Young people and news: Breaking boundaries across Europe<\/span> <span style=\"font-weight: 400;\">Liubliana, Eslov\u00e9nia.<\/span><\/a><\/p><p><span style=\"font-weight: 400;\">Maneta, M. Torres da Silva, M. Mesquita, L., &amp; M\u00fcller, M. (2024, setembro 23). <\/span><i><span style=\"font-weight: 400;\">Learning media competencies by doing things with media: a case study on a digital newsroom for young people.<\/span><\/i><a href=\"https:\/\/cicant.ulusofona.pt\/activities-and-outreach\/conferences\/115-ecrea-conferences\/1128-ecrea-audiences-preconference-2024-2\" target=\"_blank\" rel=\"noopener\"><span style=\"font-weight: 400;\">\u00a02.\u00aa edi\u00e7\u00e3o da Confer\u00eanci<\/span><i><span style=\"font-weight: 400;\">a <\/span><\/i><span style=\"font-weight: 400;\">Young people and news: Breaking boundaries across Europe<\/span> <span style=\"font-weight: 400;\">Liubliana, Eslov\u00e9nia.<\/span><\/a><\/p><p><span style=\"font-weight: 400;\">Torre, L., Maneta, M., Amaral, I. &amp; Jer\u00f3nimo, P. (2024, setembro 23). <\/span><i><span style=\"font-weight: 400;\">Shifting Sands: Understanding Youth News Consumption and Local Media Gaps in Portugal<\/span><\/i><span style=\"font-weight: 400;\">. <a href=\"https:\/\/cicant.ulusofona.pt\/activities-and-outreach\/conferences\/115-ecrea-conferences\/1128-ecrea-audiences-preconference-2024-2\" target=\"_blank\" rel=\"noopener\">2.\u00aa edi\u00e7\u00e3o da Confer\u00eanci<\/a><\/span><a href=\"https:\/\/cicant.ulusofona.pt\/activities-and-outreach\/conferences\/115-ecrea-conferences\/1128-ecrea-audiences-preconference-2024-2\" target=\"_blank\" rel=\"noopener\"><i><span style=\"font-weight: 400;\">a <\/span><\/i><span style=\"font-weight: 400;\">Young people and news: Breaking boundaries across Europe<\/span> <\/a><span style=\"font-weight: 400;\">Liubliana, Eslov\u00e9nia. <\/span><\/p><p><span style=\"font-weight: 400;\">M\u00fcller, M., Maneta, M., Brites, M. J., Castro, T. S. (2024, setembro). <\/span><i><span style=\"font-weight: 400;\">Still relevant but not as much? The role of television in the media consumption of young people in Portugal. <\/span><\/i><a href=\"https:\/\/ecrea2024ljubljana.eu\/\" target=\"_blank\" rel=\"noopener\"><span style=\"font-weight: 400;\">10th European Communication Research and Education Association \u2013 ECREA 2024.<\/span><\/a><\/p><p><span style=\"font-weight: 400;\">Sousa, C. &amp; Oliveira, A. (2024, setembro). <\/span><i><span style=\"font-weight: 400;\">Darker Shades of Play: The prevalence of dark patterns in early childhood mobile digital games<\/span><\/i><span style=\"font-weight: 400;\">. 10th European Communication Research and Education Association \u2013 ECREA 2024. <\/span><\/p><p><span style=\"font-weight: 400;\">Brites, M., Castro, T., M\u00fcller, M., &amp; Maneta, M. <\/span><span style=\"font-weight: 400;\">(2024, setembro). <\/span><i><span style=\"font-weight: 400;\">Perspectives on how young audiences see and handle algorithms. <\/span><\/i><a href=\"https:\/\/ecrea2024ljubljana.eu\/\" target=\"_blank\" rel=\"noopener\"><span style=\"font-weight: 400;\">10th European Communication Research and Education Association \u2013 ECREA 2024.<\/span><\/a><\/p><p><span style=\"font-weight: 400;\">Brites, M., Castro, T., M\u00fcller, M., &amp; Maneta, M. <\/span><span style=\"font-weight: 400;\">(2024, setembro). <\/span><i><span style=\"font-weight: 400;\">Young people and algorithms: Profiles of learning contexts and concerns about diversity from a digital culture perspective. <\/span><\/i><a href=\"https:\/\/ecrea2024ljubljana.eu\/\" target=\"_blank\" rel=\"noopener\"><span style=\"font-weight: 400;\">10th European Communication Research and Education Association \u2013 ECREA 2024.<\/span><\/a><\/p><p><span style=\"font-weight: 400;\">Oliveira, A. &amp; Torres da Silva, M. (2024, setembro). <\/span><i><span style=\"font-weight: 400;\">Journalism and young audiences in a hyper-digitalized and polarized societ<\/span><\/i><span style=\"font-weight: 400;\">y<\/span><i><span style=\"font-weight: 400;\">. <\/span><\/i><a href=\"https:\/\/ecrea2024ljubljana.eu\/\" target=\"_blank\" rel=\"noopener\"><span style=\"font-weight: 400;\">10th European Communication Research and Education Association \u2013 ECREA 2024.<\/span><\/a><\/p><p><span style=\"font-weight: 400;\">Castro, T. S. (2024, setembro). <\/span><i><span style=\"font-weight: 400;\">The signs of times: playing life on TikTok?<\/span><\/i><span style=\"font-weight: 400;\"><a href=\"https:\/\/ecrea2024ljubljana.eu\/\" target=\"_blank\" rel=\"noopener\"> 10th European Communication Research and Education Association \u2013 ECREA 2024<\/a>. <\/span><\/p><p><strong>agosto de 2024<\/strong><\/p><p>Maneta, M. Brites, M. J., Castro, T. S., &amp; Muller, M. (2024, agosto). <em>Youth Immigrant Audiences\u2019s Pessimistic Sentiments: From Communication to Social-Based Concerns<\/em>. <a href=\"https:\/\/www.europeansociology.org\/conference\/2024\/article\/83fb11b4-5245-41c6-b7eb-dd2773370abe\" target=\"_blank\" rel=\"noopener\">16th Conference European Sociological Association.\u00a0<\/a><\/p><p>Figueiras, R., Bolin, G.; Kalmus, V. (2024, agosto). <em>Towards a Datafied Mindset: Conceptualising Digital Dynamics and Analogue Resilience.<\/em> <a href=\"https:\/\/www.europeansociology.org\/conference\/2024\/article\/83fb11b4-5245-41c6-b7eb-dd2773370abe\" target=\"_blank\" rel=\"noopener\">16th Conference European Sociological Association.\u00a0<\/a><\/p><p>Kalmus, V., Figueiras, R., &amp; Bolin, G. (2024, agosto). <em>\u201cAnd I Also Remember How People Were Tracked Back Then\u201d: Experiences and Imaginaries of Surveillance in a Generational and Cross-Cultural Perspective.<\/em> <a href=\"https:\/\/www.europeansociology.org\/conference\/2024\/article\/83fb11b4-5245-41c6-b7eb-dd2773370abe\" target=\"_blank\" rel=\"noopener\">16th Conference European Sociological Association.\u00a0<\/a><\/p><p><strong>julho de 2024<\/strong><\/p><p><span style=\"font-weight: 400;\">Maneta, M. &amp; Brites, M. J. (2024, julho 2). <em>\u201c&#8217;It&#8217;s fake.\u2019 \u2018No, it&#8217;s not.\u2019 \u2018How is it fake?\u2019. It Happened to Me and my Grandparents Several Times\u201d: Portuguese Generations\u2019 Dialogues on Fake News.<\/em> [Comunica\u00e7\u00e3o Integrada num Painel]. HCII 2024 [hybrid session]. <\/span><\/p><p><strong>junho de 2024<\/strong><br \/>Maneta, M. &amp; Brites, M.J. (2024, junho 27). <em>Media Literacy Workshops: Ways of Listening to the Older People.<\/em> 5th International Media Literacy Research Symposium, A\u00e7ores, Portugal.\u00a0<\/p><p>Maneta, M., Brites, M.J., Castro, T.S. &amp; Mulller, M. (2024, junho 28). <em>YouNDigital: Reports from a Newsroom Written By and For Young People.<\/em> 5th International Media Literacy Research Symposium, A\u00e7ores, Portugal.\u00a0<strong><br \/><\/strong><\/p><p><span style=\"font-weight: 400;\">Brites, M.J., Maneta, M., M\u00fcller, M.S., Amaral, I. (2024). <\/span><i><span style=\"font-weight: 400;\">Online Semi-structured Interviews to Better Capture Generational Media Actions: The Relevance of Relaxed, Participative and Reflexive Approaches<\/span><\/i><span style=\"font-weight: 400;\">. [Comunica\u00e7\u00e3o Integrada num Painel]. <\/span><span style=\"font-weight: 400;\">HCII 2024 [online].<\/span><\/p><p><span style=\"font-weight: 400;\">Pinto de Sousa, A., Castro, T.S. (2024). <\/span><i><span style=\"font-weight: 400;\">It\u2019s not by Accident! It\u2019s by Design. Design Methods to Reach (Inter)generational Perspective<\/span><\/i><span style=\"font-weight: 400;\">. [Comunica\u00e7\u00e3o Integrada num Painel]. <\/span><span style=\"font-weight: 400;\">HCII 2024 [online].<\/span><\/p><p><span style=\"font-weight: 400;\">M\u00fcller, M.S., Oliveira, A.F., Maneta, M., Brites, M.J. (2024). B<\/span><i><span style=\"font-weight: 400;\">etween the Present and the Past: Using Card-Sorting and Biographical Approaches to Identify News Influencers\u2019 Media Habit<\/span><\/i><span style=\"font-weight: 400;\">s. [Comunica\u00e7\u00e3o Integrada num Painel]. <\/span><span style=\"font-weight: 400;\">HCII 2024 [online]. <\/span><\/p><p><strong>mar\u00e7o de 2024<\/strong><br \/>Castro, T. S., Brites, M. J. &amp; Maneta, M. (2024, mar\u00e7o 20) <em>Give news a chance? <\/em><em>Younger generations pessimistic views of the news<\/em>. Emerging Directions in News Use Research Conference. Universidade de Surrey.<\/p><p><strong>janeiro de 2024<\/strong><br \/>Maneta, M. &amp; Jer\u00f3nimo, P. (2024, janeiro 24).<em> Jovens e consumo medi\u00e1tico nos \u201cdesertos de not\u00edcias\u201d em Portuga<\/em>l. XIII Congresso Sopcom. Universidade do Minho, Braga, Portugal.<br \/>Brites, M. J., Maneta, M. &amp; M\u00fcller, M. (2024, janeiro 24). <em>Jovens, algoritmos e culturas noticiosas digitais.<\/em> XIII Congresso Sopcom. Universidade do Minho, Braga, Portugal.<\/p><p>Figueiras, R. &amp; Brites, M. J. (2024, janeiro 25). <em>Evitar e rejeitar not\u00edcias<\/em>. XIII Congresso Sopcom. Universidade do Minho, Braga, Portugal.<\/p><p>M\u00fcller, M. (2024, janeiro 25). <em>YouNDigital: continuidades e rupturas no consumo de not\u00edcias por jovens em Portugal<\/em>. XIII Congresso Sopcom. Universidade do Minho, Braga, Portugal.<\/p><p><strong><br \/>outubro de 2023<\/strong><br \/>Brites, M. J., Castro, T.S., Maneta, M., &amp; Pinto de Sousa, A. (2023, outubro 18-23). <em>Views of the world and looking into the future of news: researching youth, news, and citizenship in Portugal<\/em> [Confer\u00eancia]. Association of Internet Researchers (AoIR 2023). Filad\u00e9lfia, EUA.<\/p><p><strong>setembro de 2023<\/strong><br \/>Maneta, M., Castro, T.S. &amp; Muller, M. (2023, setembro 12-14). <em>YouNDigital: Young audiences\u2019 blurring the lines between continuities and disruptions in news\u2019 consumption in Portugal<\/em> [Confer\u00eancia].<\/p><p>Oliveira, A.F. &amp; Sousa, C. (2023, setembro 12-14). <em>YouNDigital: digital tools for researching young audiences and their diversity<\/em> [Confer\u00eancia]. Disrupted or disruptive audiences? From reception to participation in a post-truth era, Porto, Portugal.<\/p><p><strong><br \/>julho de 2023<br \/><\/strong>Oliveira, A. F., Maneta, M. &amp; Amaral, I. (2023, julho 10-12). <em>YouNDigital: Exploring the complementarity of traditional and digital participatory methods to study young audiences, news and digital citizenship<\/em> [Confer\u00eancia]. IAMCR, Lyon, Fran\u00e7a.<\/p><p>Oliveira, A.F., Brites, M.J. &amp; Torres da Silva, M. (2023, julho 10-12). <em>Youth news audiences Portugal: approaches, trends and needs<\/em> [Confer\u00eancia]. IAMCR, Lyon, Fran\u00e7a.<\/p><p><strong>maio de 2023<\/strong><br \/>Brites, M. J. &amp; Figueiras, R. (2023, maio 25). <em>Facets of news avoidance and news consumption intermittencies<\/em> [Confer\u00eancia]. ICA PreConference, Toronto, Canad\u00e1.<\/p><p><strong>abril de 2023<\/strong><br \/>Brites, M. J., Castro, T. S. &amp; Maneta, M. (2023, abril 21-22) <em>Jovens, not\u00edcias e cidadania, que rela\u00e7\u00e3o emerge numa sociedade profundamente digitalizada?<\/em> [Confer\u00eancia]. VI Congresso Literacia, Media e Cidadania &#8211; Transi\u00e7\u00e3o Digital e Pol\u00edticas P\u00fablicas, Lisboa, Portugal.<\/p><p>Maneta, M., Brites, M. J., Oliveira, A. F., Sousa, A. P., Sousa, J. A. &amp; Marinho, M. (2023, abril 21-22). <em>Desafios metodol\u00f3gicos e li\u00e7\u00f5es retiradas do projeto Jovens, Not\u00edcias e Cidadania Digital (YouNDigital)<\/em> [Confer\u00eancia]. VI Congresso Literacia, Media e Cidadania &#8211; Transi\u00e7\u00e3o Digital e Pol\u00edticas P\u00fablicas, Lisboa, Portugal.<\/p><p>Maneta, M., Brites, M. J. &amp; Castro, T. S. (2023, abril 3-4). <em>Youths\u2019 perspectives on news and digital citizenship: contributes from YouNDigital<\/em> [Confer\u00eancia]. Practices of Digital Inclusion and Exclusion in Everyday Life. Groningen, Pa\u00edses Baixos.<\/p><p>Oliveira, A., Sousa, C. &amp; Leote, M. J. (2023, abril 3-4). <em>YouNDigital: Digital Tools For Reaching Young People\u2019s Diversity<\/em> [Confer\u00eancia]. Practices of Digital Inclusion and Exclusion in Everyday Life. Groningen, Pa\u00edses Baixos.<strong><br \/><\/strong><strong><br \/><\/strong><\/p><p><strong>outubro de 2022<\/strong><br \/>Oliveira, A., Brites, M.J. &amp; Castro, T.S. (2022, outubro 26-29). <a href=\"https:\/\/ocs.letras.up.pt\/public\/conferences\/22\/schedConfs\/40\/program-pt_PT.pdf\" target=\"_blank\" rel=\"noopener\"><em>Jovens, not\u00edcias e cidadania digital: novas perspetivas atrav\u00e9s do estudo de audi\u00eancia<\/em><\/a> [Confer\u00eancia]. IBERCOM 2022 \u2013 Comunica\u00e7\u00e3o, Identidades e Di\u00e1logo na Cidade Mediatizada, Porto, Portugal.<\/p><p>Martins, M., Brites, M.J. &amp; Castro, T.S. (2022, outubro 25-26). <em>(Re)pensar os jovens e not\u00edcias atrav\u00e9s da literacia cr\u00edtica dos m\u00e9dia<\/em> [Confer\u00eancia]. XIV Congresso da LUSOCOM \u2013 Meios digitais e cidadania nas redes interculturais em l\u00edngua portuguesa, Porto, Portugal.<\/p><p>Brites, M.J. &amp; Castro, T.S. (2022, outubro 19-22). <a href=\"https:\/\/conferences.au.dk\/ecrea2022\" target=\"_blank\" rel=\"noopener\"><em>News lifestyles in the context of the digital society: the case of young people news options<\/em><\/a> [Confer\u00eancia]. ECREA 2022 9th European Communication Conference, Aarhus, Dinamarca.<\/p><p><strong><br \/>julho de 2022<\/strong><br \/>Brites, M, J., Castro, T, S., Oliveira, A. &amp; Amaral, I. (2022, julho 30). <a href=\"https:\/\/2022.hci.international\/friday\" target=\"_blank\" rel=\"noopener\"><em>Participatory Methodologies and Generational Research<\/em><\/a> [Confer\u00eancia]. HCI International 2022, Via Zoom.\u00a0<\/p><p><strong><br \/>maio de 2022<\/strong><br \/>Brites, M.J. &amp; Castro, T.S. (2022, maio 26-30). <a href=\"https:\/\/www.icahdq.org\/page\/ICA22PrePostconf\" target=\"_blank\" rel=\"noopener\"><em>YouNdigital: Rethinking young people, news, and digital citizenship: the perspective of the audience research<\/em><\/a> [Confer\u00eancia]. 72nd anual ICA Pre Conference on Young People and News in a Digital World: Local and Global Perspectives, Paris, Fran\u00e7a.<\/p><\/div>\n                <\/div><div class=\"eael-accordion-list\">\n                <div id=\"eventos\" class=\"elementor-tab-title eael-accordion-header\" tabindex=\"0\" data-tab=\"5\" aria-controls=\"elementor-tab-content-9425\"><span class=\"eael-advanced-accordion-icon-closed\"><i aria-hidden=\"true\" class=\"fa-accordion-icon fas fa-plus\"><\/i><\/span><span class=\"eael-advanced-accordion-icon-opened\"><i aria-hidden=\"true\" class=\"fa-accordion-icon fas fa-minus\"><\/i><\/span><span class=\"eael-accordion-tab-title\">Eventos<\/span><i aria-hidden=\"true\" class=\"fa-toggle fas fa-angle-right\"><\/i><\/div><div id=\"elementor-tab-content-9425\" class=\"eael-accordion-content clearfix\" data-tab=\"5\" aria-labelledby=\"eventos\"><p><strong>dezembro de 2024<\/strong><\/p><p>Projeto organizador da mesa-redonda <a href=\"https:\/\/youndigital.com\/index.php\/2024\/12\/17\/responsabilidade-representatividade-e-literacias-as-noticias-no-futuro-nao-devem-perde-las-de-vista\/\" target=\"_blank\" rel=\"noopener\">\u201cComo ser\u00e3o as not\u00edcias no futuro? Jovens e jornalistas em di\u00e1logo\u201d.<\/a> (2024, dezembro 10). Universidade Lus\u00f3fona. Porto, Portugal.<\/p><p><strong>outubro de 2024<\/strong><\/p><p>Projeto co-organizador da <a href=\"https:\/\/melcilab.cicant.ulusofona.pt\/training\/iv-melci-lab-autumn-school-science-bootcamp-to-boost-your-research-hands-on-skills\/\" target=\"_blank\" rel=\"noopener\">IV MelCi Lab Autumn School<\/a>. (2024, outubro 28-31). [Escola de Outono]. Universidade Lus\u00f3fona. Porto, Portugal, via Zoom.\u00a0<\/p><p><strong>setembro de 2024<\/strong><\/p><p>Projeto co-organizador da 2.\u00aa edi\u00e7\u00e3o da <a href=\"https:\/\/cicant.ulusofona.pt\/activities-and-outreach\/conferences\/115-ecrea-conferences\/1128-ecrea-audiences-preconference-2024-2\" target=\"_blank\" rel=\"noopener\">Confer\u00eancia Young people and news: Breaking boundaries across Europe.<\/a> (2024, setembro 23). Liubliana, Eslov\u00e9nia.\u00a0<\/p><p><strong>fevereiro de 2024<\/strong><\/p><p>Co-organiza\u00e7\u00e3o do evento <a href=\"https:\/\/youndigital.com\/index.php\/2024\/02\/21\/eventoslisboaportoredacao\/\" target=\"_blank\" rel=\"noopener\">&#8220;Jornalismo, Liberdade e Direitos Humanos&#8221;.<\/a> (19-20 de fevereiro), no \u00e2mbito do lan\u00e7amento da reda\u00e7\u00e3o digital YouNDgital. Portugal.<\/p><p><strong>novembro de 2023<br \/><\/strong>Projecto co-organizador da <a href=\"https:\/\/melcilab.cicant.ulusofona.pt\/training\/iii-melci-lab-autumn-school-science-bootcamp-to-boost-your-research-hands-on-skills\/\" target=\"_blank\" rel=\"noopener\">III MelCi Lab Autumn School<\/a>. (2023, novembro 7-10). [Escola de Outono]. Universidade Lus\u00f3fona. Porto, Portugal, via Zoom.<\/p><p><strong><br \/>maio de 2023<\/strong><br \/>Semin\u00e1rio YouNDigital: <a href=\"https:\/\/www.youtube.com\/watch?v=a9-kgl-4r0s&amp;list=PLU65SY14A7f5lmWm2ftFLGlO-MiOFkoYp&amp;index=1\" target=\"_blank\" rel=\"noopener\">Let\u2019s talk about youth and news<\/a>.<\/p><\/div>\n                <\/div><div class=\"eael-accordion-list\">\n                <div id=\"relatrios\" class=\"elementor-tab-title eael-accordion-header\" tabindex=\"0\" data-tab=\"6\" aria-controls=\"elementor-tab-content-9426\"><span class=\"eael-advanced-accordion-icon-closed\"><i aria-hidden=\"true\" class=\"fa-accordion-icon fas fa-plus\"><\/i><\/span><span class=\"eael-advanced-accordion-icon-opened\"><i aria-hidden=\"true\" class=\"fa-accordion-icon fas fa-minus\"><\/i><\/span><span class=\"eael-accordion-tab-title\">Relat\u00f3rios<\/span><i aria-hidden=\"true\" class=\"fa-toggle fas fa-angle-right\"><\/i><\/div><div id=\"elementor-tab-content-9426\" class=\"eael-accordion-content clearfix\" data-tab=\"6\" aria-labelledby=\"relatrios\"><p><a href=\"https:\/\/drive.google.com\/file\/d\/1xM-vDRgjKIM5Tm79o7shvuQHan6cQRtO\/view?usp=sharing\" target=\"_blank\" rel=\"noopener\">Castro, T. S., Brites, M. J., Maneta, M., &amp; M\u00fcller, M. S. (2024). <em>Milestone 5: Data analysis systematization.<\/em> YouNDigital &#8211; Youth, News and Digital Citizenship. Universidade Lus\u00f3fona, CICANT. https:\/\/doi.org\/10.54499\/PTDC\/COM-OUT\/0243\/2021<\/a><\/p><p><a href=\"https:\/\/drive.google.com\/file\/d\/1Ub19hV2Y9mdGUPbvFbFsUSZ4bUoswTno\/view?usp=sharing\" target=\"_blank\" rel=\"noopener\">Brites, M. J., Castro, T. S., Maneta, M., Mesquita, L., e M\u00fcller, M. S. (2024). <em>Milestone 4: Training.<\/em> YouNDigital &#8211; Jovens, Not\u00edcias e Cidadania Digital. Universidade Lus\u00f3fona, CICANT. DOI 10.54499\/PTDC\/COM-OUT\/0243\/2021<\/a><\/p><p><a href=\"https:\/\/drive.google.com\/file\/d\/14_ec1kPXWhFyWCa1uN4MrIYIBgdj2_Zc\/view?usp=sharing\" target=\"_blank\" rel=\"noopener\">Brites, M. J., Castro, T. S., M\u00fcller, M. S., Sousa, C. Leote de Carvalho, M.J., &amp; Maneta, M. (2023). <em>YouNDigital &#8211; Relat\u00f3rio Survey &#8211; Task 3<\/em>. Universidade Lus\u00f3fona, CICANT. DOI 10.54499\/PTDC\/COM-OUT\/0243\/2021<\/a><\/p><p><a href=\"https:\/\/drive.google.com\/file\/d\/15XwlVcO-68VwnOx1zLcD0lxRTdi3S5YQ\/view\" target=\"_blank\" rel=\"noopener\">Brites, M. J., Castro, T. S., M\u00fcller, M. S., Maneta, M. (2023). <em>End of Fieldwork<\/em>. Universidade Lus\u00f3fona, CICANT. DOI10.54499\/PTDC\/COM-OUT\/0243\/2021<\/a><\/p><p><a href=\"https:\/\/drive.google.com\/file\/d\/1JodRcmcZXUm99Kj3rF6Mxg0lOELPq3NF\/view?usp=sharing\" target=\"_blank\" rel=\"noopener\">Brites, M. J., Castro, T. S., Maneta, M., Amaral, I. &amp; Sousa, C. (2023). <em>YouNDigital &#8211; Relat\u00f3rio Revis\u00e3o de Literatura PRISMA (fase 2).<\/em> Universidade Lus\u00f3fona, CICANT.<\/a><\/p><p>Brites, M. J., Castro, T. S., Martins, M., Amaral, I., Sousa, C. &amp; Maneta, M. (2022). <em>YouNDigital &#8211; Enquadramento te\u00f3rico e futuras linhas de pesquisa.<\/em> Universidade Lus\u00f3fona, CICANT.<\/p><p><a href=\"https:\/\/drive.google.com\/file\/d\/1g3OAHaHuDwmKTpY-4Aug1_-_IKV6m96i\/view\" target=\"_blank\" rel=\"noopener\">Brites, M. J., Castro, T. S., Martins, M., Leote de Carvalho, M. J., Silveira, P., Oliveira, A., Amaral, I. &amp; Sousa, C. (2022). <em>YouNDigital ethical guideline<\/em>s. Lus\u00f3fona University, CICANT.<\/a><\/p><\/div>\n                <\/div><div class=\"eael-accordion-list\">\n                <div id=\"webinares\" class=\"elementor-tab-title eael-accordion-header\" tabindex=\"0\" data-tab=\"7\" aria-controls=\"elementor-tab-content-9427\"><span class=\"eael-advanced-accordion-icon-closed\"><i aria-hidden=\"true\" class=\"fa-accordion-icon fas fa-plus\"><\/i><\/span><span class=\"eael-advanced-accordion-icon-opened\"><i aria-hidden=\"true\" class=\"fa-accordion-icon fas fa-minus\"><\/i><\/span><span class=\"eael-accordion-tab-title\">Webinares<\/span><i aria-hidden=\"true\" class=\"fa-toggle fas fa-angle-right\"><\/i><\/div><div id=\"elementor-tab-content-9427\" class=\"eael-accordion-content clearfix\" data-tab=\"7\" aria-labelledby=\"webinares\"><p><strong>dezembro de 2024<\/strong><\/p><p><span style=\"font-weight: 400;\">Das, Ranjana. (2024). &#8220;<\/span><a href=\"https:\/\/www.youtube.com\/playlist?list=PLU65SY14A7f5lmWm2ftFLGlO-MiOFkoYp\" target=\"_blank\" rel=\"noopener\"><i><span style=\"font-weight: 400;\">What does local news use have to do with raising children?&#8221;. \u00a0<\/span><\/i><\/a><span style=\"font-weight: 400;\">8.\u00ba webinar YouNDigital.<\/span><\/p><p>\u00a0<\/p><p><strong>novembro de 2024<br \/><\/strong><a href=\"https:\/\/open.spotify.com\/episode\/4aTda5D5xIVhq2nWuMX3jH?si=fc5855027dad4b71\" target=\"_blank\" rel=\"noopener\"><span style=\"font-weight: 400;\">Sim\u00f5es, C. &amp; Lins, L. (2024). \u201c<\/span><i><span style=\"font-weight: 400;\">MigraMediaActs &amp; YouNDigital: diversidades em debate\u201d. <\/span><\/i><\/a><span style=\"font-weight: 400;\">7.\u00ba webinar YouNDigital.\u00a0<\/span><\/p><p>\u00a0<\/p><p><strong>julho de 2024<br \/><\/strong>Mensonides, D. (2024). <a href=\"https:\/\/www.youtube.com\/watch?v=J6s_UA79dig&amp;list=PLU65SY14A7f5lmWm2ftFLGlO-MiOFkoYp&amp;index=7\" target=\"_blank\" rel=\"noopener\">\u201cPlayful Citizens: Exploring children\u2019s news use in formal and informal contexts\u201d<\/a>. 6.\u00ba Webinar YouNDigital.<\/p><p>\u00a0<\/p><p><strong>maio de 2024<\/strong><br \/>Quico, C. (2024).<a href=\"https:\/\/www.youtube.com\/watch?v=TADSohnVHxM&amp;list=PLU65SY14A7f5lmWm2ftFLGlO-MiOFkoYp&amp;index=6\" target=\"_blank\" rel=\"noopener\"> \u201cComo chegar a p\u00fablicos? Ir al\u00e9m dos artigos e apresenta\u00e7\u00f5es\u201d<\/a>. 5.\u00ba Webinar YouNDigital.<\/p><p>\u00a0<\/p><p><strong>abril de 2024<\/strong><br \/>Figueiras, R. (2024). <a href=\"https:\/\/www.youtube.com\/watch?v=X6e4c5u2qew\" target=\"_blank\" rel=\"noopener\">&#8220;Jovens e Datafica\u00e7\u00e3o&#8221;<\/a>. 4.\u00ba Webinar YouNDigital.<\/p><p>\u00a0<\/p><p><strong>mar\u00e7o de 2024<\/strong><br \/>Pinto de Sousa, A. (2024). <a href=\"https:\/\/www.youtube.com\/watch?v=p_hMdD97b4M\" target=\"_blank\" rel=\"noopener\">\u201cIt\u2019s not by Accident! It\u2019s by Design: M\u00e9todos de Design na Colabora\u00e7\u00e3o Multidisciplinar\u201d<\/a>. 3.\u00ba Webinar YouNDigital.<\/p><p>\u00a0<\/p><p><strong>janeiro de 2024<\/strong><br \/>Jer\u00f3nimo, P. (2024). <a href=\"https:\/\/www.youtube.com\/watch?v=VGXRv5aXe3k&amp;list=PLU65SY14A7f5lmWm2ftFLGlO-MiOFkoYp&amp;index=3\" target=\"_blank\" rel=\"noopener\">&#8220;Media regionais, &#8216;desertos de not\u00edcias&#8217; e desinforma\u00e7\u00e3o: perce\u00e7\u00f5es, din\u00e2micas e desafios&#8221;. <\/a>2.\u00ba Webinar YouNDigital.<\/p><p><strong><br \/>dezembro de 2023<br \/><\/strong>Amaral, I. (2023). <a href=\"https:\/\/www.youtube.com\/watch?v=u_1wXlTOwdo\" target=\"_blank\" rel=\"noopener\">\u201cJovens adultos e aplica\u00e7\u00f5es m\u00f3veis: usos, contextos e relev\u00e2ncia percebida\u201d.<\/a>\u00a01\u00ba Webinar YouNDigital.<\/p><\/div>\n                <\/div><div class=\"eael-accordion-list\">\n                <div id=\"youndigital-em-notcia\" class=\"elementor-tab-title eael-accordion-header\" tabindex=\"0\" data-tab=\"8\" aria-controls=\"elementor-tab-content-9428\"><span class=\"eael-advanced-accordion-icon-closed\"><i aria-hidden=\"true\" class=\"fa-accordion-icon fas fa-plus\"><\/i><\/span><span class=\"eael-advanced-accordion-icon-opened\"><i aria-hidden=\"true\" class=\"fa-accordion-icon fas fa-minus\"><\/i><\/span><span class=\"eael-accordion-tab-title\">YouNDigital em not\u00edcia<\/span><i aria-hidden=\"true\" class=\"fa-toggle fas fa-angle-right\"><\/i><\/div><div id=\"elementor-tab-content-9428\" class=\"eael-accordion-content clearfix\" data-tab=\"8\" aria-labelledby=\"youndigital-em-notcia\"><p><strong>dezembro de 2024<\/strong><\/p><p>RTP1\/RTP3. (2024). <a href=\"https:\/\/www.rtp.pt\/noticias\/pais\/estudo-sublinha-que-falta-espirito-critico-aos-jovens_v1620413\" target=\"_blank\" rel=\"noopener\">Estudo sublinha que falta esp\u00edrito cr\u00edtico aos jovens.<\/a>\u00a0<\/p><p>Consulta P\u00fablica\/Antena 1. (2024). <a href=\"https:\/\/www.rtp.pt\/play\/p10093\/e813678\/consulta-publica\" target=\"_blank\" rel=\"noopener\">O jornalismo e os criadores de conte\u00fados digitais<\/a>.\u00a0<\/p><p>P\u00fablico. (2024). <a href=\"https:\/\/www.publico.pt\/2024\/12\/02\/sociedade\/noticia\/nao-sabem-nao-querem-saber-jovens-algoritmo-redes-2113895\" target=\"_blank\" rel=\"noopener\">Entre os que n\u00e3o sabem e os que n\u00e3o querem saber: os jovens e o algoritmo das redes.<\/a>\u00a0<\/p><p><strong>maio de 2024<br \/><\/strong>Antena 1. (2024). <a href=\"https:\/\/www.rtp.pt\/noticias\/noticiario-antena1\/07h-momento-crucial-diz-montenegro-sobre-visita-de-zelensky_a1_1574810\" target=\"_blank\" rel=\"noopener\">Notici\u00e1rio Antena 1<\/a>.<\/p><p><strong>fevereiro de 2024<\/strong><\/p><p>Infomedia. (2024). <a href=\"https:\/\/ulpinfomedia.pt\/jornalismo-liberdade-e-direitos-humanos-lanca-redacao-digital-online-internacional-youndgital-na-universidade-lusofona-centro-universitario-do-porto\/\" target=\"_blank\" rel=\"noopener\">\u201cJORNALISMO, LIBERDADE E DIREITOS HUMANOS\u201d LAN\u00c7A REDA\u00c7\u00c3O DIGITAL YOUNDGITAL.<\/a><\/p><p>Infomedia. (2024). <a href=\"https:\/\/ulpinfomedia.pt\/a-redacao-youndigital-sera-um-espaco-facilitador-da-acao-participativa-dos-jovens-promovendo-uma-voz-ativa-e-a-criacao-de-uma-rede-internacional\/\" target=\"_blank\" rel=\"noopener\">\u201cA REDA\u00c7\u00c3O YOUNDIGITAL SER\u00c1 UM ESPA\u00c7O FACILITADOR DA A\u00c7\u00c3O PARTICIPATIVA DOS JOVENS, PROMOVENDO UMA VOZ ATIVA E A CRIA\u00c7\u00c3O DE UMA REDE INTERNACIONAL\u201d<\/a>.<\/p><p>Infomedia. (2024). <a href=\"https:\/\/ulpinfomedia.pt\/youndigital-e-infomedia-aprender-a-sair-da-zona-de-conforto-a-procura-de-historias\/\" target=\"_blank\" rel=\"noopener\">YOUNDIGITAL E #INFOMEDIA: APRENDER A SAIR DA ZONA DE CONFORTO \u00c0 PROCURA DE HIST\u00d3RIAS.<\/a><br \/><strong><br \/>janeiro de 2024<br \/><\/strong>Revista Vis\u00e3o. (2024). <a href=\"https:\/\/visao.pt\/edicao-impressa\/2024-01-10-edicao-1610\/\" target=\"_blank\" rel=\"noopener\">TikTok e os jovens: a m\u00e1quina de fazer extremistas.<\/a><\/p><p><strong><br \/>agosto de 2023<br \/><\/strong>Newsletter Media&amp;Learning.<a href=\"https:\/\/media-and-learning.eu\/type\/featured-articles\/youndigital-a-scientific-roadmap-on-youth-news-and-digital-citizenship\/\" target=\"_blank\" rel=\"noopener\"> YouNDigital: a scientific roadmap on Youth, News and Digital Citizenship<\/a><\/p><p>maio de 2023<br \/>P\u00fablico na Escola. (2023). <a href=\"https:\/\/www.publico.pt\/publico-na-escola\/artigo\/vamos-falar-jovens-noticias-2048088\" target=\"_blank\" rel=\"noopener\">Vamos falar sobre os jovens e as not\u00edcias?<\/a><br \/>Jornalismo Porto Net. (2023). <a href=\"https:\/\/www.jpn.up.pt\/2023\/05\/05\/a-relacao-entre-jovens-noticias-e-redes-sociais-em-debate-na-universidade-lusofona-do-porto\/\" target=\"_blank\" rel=\"noopener\">Redes sociais para difus\u00e3o noticiosa: jovens est\u00e3o rendidos ao digital e os media acompanham-nos.<\/a><\/p><p><strong><br \/>abril de 2023<\/strong><br \/>Cardoso, G., Baldi, V. &amp; Tom\u00e9, V. (2023). <em><a href=\"https:\/\/obercom.pt\/literacia-para-os-media-horizontes-concetuais-e-mapeamento-de-atores-e-iniciativas-em-portugal-e-no-mundo\/\" target=\"_blank\" rel=\"noopener\">Literacia para os Media \u2013 Horizontes concetuais e mapeamento de atores e iniciativas em Portugal e no mundo.<\/a><\/em> Relat\u00f3rio Obercom.<br \/>E2 &#8211; Escola Superior de Comunica\u00e7\u00e3o Social. (2023). VI Congresso Literacia, Media e Cidadania [Especial]. (<a href=\"https:\/\/www.youtube.com\/watch?v=AI_8RwoxI0w\" target=\"_blank\" rel=\"noopener\">Temporada 20, Epis\u00f3dio 14<\/a>). RTP2.<\/p><p><strong><br \/>setembro de 2022<\/strong><br \/><a href=\"https:\/\/youtu.be\/zQQeaw88mEg\" target=\"_blank\" rel=\"noopener\">Newsletter Mygender Project<\/a>\/Faculdade de Letras da Universidade de Coimbra. (setembro, 2022).<\/p><p><strong>agosto de 2022<\/strong><br \/>R\u00f6mer, L. (2022). <a href=\"https:\/\/www.ceeol.com\/search\/article-detail?id=1054015\" target=\"_blank\" rel=\"noopener\">Media Literacy and Citizen Participation Education are a Good Match: An Interview with Maria Jos\u00e9 Brites<\/a>. <em>Medi\u00e1ln\u00ed studia<\/em>, 16 (1), 127\u2013131.\u00a0<\/p><p>Rep\u00f3rteres em Constru\u00e7\u00e3o. (2022).<a href=\"https:\/\/www.reporteresemconstrucao.pt\/2022\/04\/02\/a-nova-cultura-noticiosa-dos-jovens-a-informacao-e-que-os-procura\/\" target=\"_blank\" rel=\"noopener\"> A \u201cnova\u201d cultura noticiosa dos jovens: a informa\u00e7\u00e3o \u00e9 que os procura.<\/a>\u00a0<\/p><p><strong><br \/>abril de 2022<\/strong><br \/>Universidade Federal de Juiz de Fora (UFJF). (2022). <a href=\"https:\/\/www2.ufjf.br\/noticias\/2022\/04\/26\/pesquisadora-portuguesa-fala-sobre-jovens-noticias-e-producao-midiatica\/\" target=\"_blank\" rel=\"noopener\">Pesquisadora portuguesa fala sobre jovens, not\u00edcias e produ\u00e7\u00e3o midi\u00e1tica.<\/a>\u00a0<\/p><p>Rep\u00f3rteres em Constru\u00e7\u00e3o. (2022).<a href=\"https:\/\/www.reporteresemconstrucao.pt\/2022\/04\/02\/a-nova-cultura-noticiosa-dos-jovens-a-informacao-e-que-os-procura\/\" target=\"_blank\" rel=\"noopener\"> A \u201cnova\u201d cultura noticiosa dos jovens: a informa\u00e7\u00e3o \u00e9 que os procura.<\/a><\/p><p><strong><br \/>janeiro de 2022<\/strong><br \/>Observador. (2022). <a href=\"https:\/\/observador.pt\/especiais\/conferencia-os-jovens-e-a-politica-em-portugal\/\" target=\"_blank\" rel=\"noopener\">Confer\u00eancia: os jovens e a pol\u00edtica em Portugal.<\/a><\/p><p>Observador. (2022). <a href=\"https:\/\/observador.pt\/especiais\/os-jovens-e-a-politica-da-intervencao-civica-as-vozes-nao-escutadas-no-mundo-dos-adultos\/\" target=\"_blank\" rel=\"noopener\">Os jovens e a pol\u00edtica: da interven\u00e7\u00e3o c\u00edvica \u00e0s vozes n\u00e3o escutadas \u201cno mundo dos adultos\u201d.<\/a>\u00a0<\/p><p><strong><br \/>julho de 2021<\/strong><br \/>PNBOnline. (2021). <a href=\"https:\/\/www.pnbonline.com.br\/geral\/pesquisadora-maria-josa-brites-defende-que-onu-regule-a-internet\/78231\" target=\"_blank\" rel=\"noopener\">Pesquisadora Maria Jos\u00e9 Brites defende que ONU regule a Internet.<\/a>\u00a0<\/p><\/div>\n                <\/div><div class=\"eael-accordion-list\">\n                <div id=\"outras-aes-de-disseminao\" class=\"elementor-tab-title eael-accordion-header\" tabindex=\"0\" data-tab=\"9\" aria-controls=\"elementor-tab-content-9429\"><span class=\"eael-advanced-accordion-icon-closed\"><i aria-hidden=\"true\" class=\"fa-accordion-icon fas fa-plus\"><\/i><\/span><span class=\"eael-advanced-accordion-icon-opened\"><i aria-hidden=\"true\" class=\"fa-accordion-icon fas fa-minus\"><\/i><\/span><span class=\"eael-accordion-tab-title\">Outras a\u00e7\u00f5es de dissemina\u00e7\u00e3o<\/span><i aria-hidden=\"true\" class=\"fa-toggle fas fa-angle-right\"><\/i><\/div><div id=\"elementor-tab-content-9429\" class=\"eael-accordion-content clearfix\" data-tab=\"9\" aria-labelledby=\"outras-aes-de-disseminao\"><p><strong>dezembro de 2024<\/strong><\/p><p><span style=\"font-weight: 400;\">Brites, M. J., Castro, T. S., &amp; Maneta, M. (2024). <\/span><i><span style=\"font-weight: 400;\">Project Presentation &#8211; LwS<\/span><\/i><span style=\"font-weight: 400;\"> [Encontro]. CICANT, via Zoom.<\/span><\/p><p>Maneta, M. &amp; Rodrigues, V. (2024). Projeto YouNDigital: reda\u00e7\u00e3o e principaisresultados [Aula]. Licenciatura em Ci\u00eancias da Comunica\u00e7\u00e3o. Universidade Lus\u00f3fona, Portugal.<\/p><p><span style=\"font-weight: 400;\">Brites, M.J. e Castro, T. S. (2024). <\/span><i><span style=\"font-weight: 400;\">YouNDigital: Jovens, Not\u00edcias e Cidadania Digital <\/span><\/i><span style=\"font-weight: 400;\">[Aula]. Mestrado em Comunica\u00e7\u00e3o, Marketing e Plataformas Digitais, Universidade Lus\u00f3fona, Portugal. <\/span><\/p><p><strong>outubro de 2024<\/strong><\/p><p>Castro, T. S. (2024). <em>Como podem os jornalistas trabalhar com os jovens para promover Literacia Medi\u00e1tica e Cient\u00edfica?<\/em> Science Journalism F\u00f3rum.<\/p><p><strong>agosto de 2024<\/strong><\/p><p>Muller, M. (2024). Things You Never Dare to Ask. European Media and Communication Doctoral Summer School. Roskilde University.<\/p><p><strong>julho de 2024<\/strong><\/p><p>Brites, M. J. (2024). <em>Methodological approaches to study (inter)generational perspectives.<\/em> [Organiza\u00e7\u00e3o de painel]. HCI INTERNATIONAL 2024 26TH INTERNATIONAL CONFERENCE ON HUMAN-COMPUTER INTERACTION.<\/p><p><strong>junho de 2024<\/strong><\/p><p>Brites, M. J. (2024, junho 11). <em>Media, Sociedade e Cultura II <\/em>[Aula]<em>.<\/em>\u00a0Doutoramento em Ci\u00eancias da Comunica\u00e7\u00e3o, Universidade Lus\u00f3fona &#8211; CUL.<\/p><p><strong>maio de 2024<\/strong><\/p><p>Brites, M. J. (2024, maio 9). <em>Investiga\u00e7\u00e3o Participativa e Quest\u00f5es \u00c9ticas<\/em> [Aula]. Mestrado em Ci\u00eancias da Comunica\u00e7\u00e3o \u2013 Estudo dos Media e do Jornalismo. Universidade Nova de Lisboa, Portugal.<\/p><p>Castro, T. S. (2024, maio 9). <em>Ainda vamos \u201ca tempo\u201d de captar a aten\u00e7\u00e3o de jovens para as not\u00edcias?<\/em> SciCom 2024. Braga, Portugal.<\/p><p><strong>abril de 2024<\/strong><\/p><p><span style=\"font-weight: 400;\">Maneta, M., Castro, T. S., &amp; Brites, M.J. (2024, abril 22). <em>Projeto YouNDigital.<\/em> Universidade Lus\u00f3fona &#8211; Centro Universit\u00e1rio do Porto<\/span><\/p><p><strong>fevereiro de 2024<\/strong><br \/>Brites, M. J. (2024). <em>Digital Cultures and Mobile Apps<\/em>. Confer\u00eancia de encerramento do projeto My Gender. Faculdade de Letras da Universidade de Coimbra, Coimbra, Portugal.<\/p><p><strong>janeiro de 2024<\/strong><br \/>Brites, M. J. (2024). <em>\u201cO jornalismo precisa de literacia para os Media?\u201d<\/em>. Cinema S\u00e3o Jorge, Lisboa, Portugal.<br \/>Brites, M. J. (2024). <em>Jovens e cultura digital <\/em>[Modera\u00e7\u00e3o]. XIII Congresso Sopcom. Universidade do Minho, Braga, Portugal.<\/p><p><strong><br \/>novembro de 2023<br \/><\/strong>Brites, M.J. (2023) <em>Jovens, not\u00edcias e decoloniza\u00e7\u00e3o dos estudos dos media.<\/em> Semin\u00e1rio Comunica\u00e7\u00e3o, Media e Transforma\u00e7\u00f5es Sociais, Doutoramento em Estudos Contempor\u00e2neos, Universidade de Coimbra, CEIS20.<br \/><strong><br \/><\/strong><\/p><p><strong>maio de 2023<\/strong><\/p><p>Castro, T. S. (2023). <em>YouNDigital: Jovens, Not\u00edcias e Cidadania Digital &#8211; mosaicos do contexto portugu\u00eas<\/em> [Aula]. Licenciatura em Ci\u00eancias da Comunica\u00e7\u00e3o, Universidade Lus\u00f3fona, Portugal.<\/p><p>Brites, M. J. (2023).<em> P\u00fablicos jovens<\/em> [Aula]. Mestrado em Ci\u00eancias da Comunica\u00e7\u00e3o, Especializa\u00e7\u00e3o em Estudos dos Media e do Jornalismo, Universidade Nova de Lisboa, Portugal.<\/p><p><strong>mar\u00e7o de 2023<\/strong><br \/>Brites, M. J. &amp; Castro, T. S. (2023, mar\u00e7o 8). <em>Project Presentation &#8211; LwS<\/em> [Encontro]. CICANT, via Zoom.<\/p><p><strong><br \/>janeiro de 2023<\/strong><br \/>Brites, M.J. (2023). <em>Apresenta\u00e7\u00e3o do projeto YouNDigital<\/em> [Aula]. Mestrado em Comunica\u00e7\u00e3o nas Organiza\u00e7\u00f5es, Universidade Lus\u00f3fona, Portugal.<\/p><p><strong><br \/>maio de 2022<\/strong><br \/>Brites, M. J. (2022, maio 26-30). <a href=\"https:\/\/www.icahdq.org\/page\/ICA22PrePostconf\" target=\"_blank\" rel=\"noopener\"><em>Young people and news in a digital world: local and global perspectives<\/em><\/a> [Modera\u00e7\u00e3o]. 72nd anual ICA Pre Conference on Young People and News in a Digital World: Local and Global Perspectives, Paris, Fran\u00e7a.\u00a0<\/p><p><strong>abril de 2022<\/strong><br \/>Brites, M.J. &amp; Castro, T.S. (2022, Abril 20).<em> Lunch with Science (LwS)<\/em> [Encontro]. CICANT, Via Zoom.<br \/><strong><br \/>mar\u00e7o de 2022<\/strong><br \/>Castro, T.S. (2022, mar\u00e7o 8). <a href=\"https:\/\/sigarra.up.pt\/fpceup\/pt\/web_page.inicial\" target=\"_blank\" rel=\"noopener\"><em>Cidadania Digital, literacias e contextos de desigualdade<\/em><\/a> [Semin\u00e1rio]. Mestrado em Ci\u00eancias da Educa\u00e7\u00e3o, da Faculdade de Psicologia e de Ci\u00eancias da Educa\u00e7\u00e3o da Universidade do Porto, Porto, Portugal.\u00a0<\/p><p><strong><br \/>janeiro de 2022<\/strong><br \/>Brites, M.J. (2022). <em>Apresenta\u00e7\u00e3o do projeto YouNDigital<\/em> [Aula]. Mestrado em Comunica\u00e7\u00e3o nas Organiza\u00e7\u00f5es, Universidade Lus\u00f3fona, Portugal.<\/p><\/div>\n                <\/div><\/div>\t\t\t\t<\/div>\n\t\t\t\t<\/div>\n\t\t\t\t\t<\/div>\n\t\t<\/div>\n\t\t\t\t\t<\/div>\n\t\t<\/section>\n\t\t\t\t<section class=\"elementor-section elementor-top-section elementor-element elementor-element-809ec7d elementor-section-boxed elementor-section-height-default elementor-section-height-default\" data-id=\"809ec7d\" data-element_type=\"section\" data-settings=\"{&quot;_ha_eqh_enable&quot;:false}\">\n\t\t\t\t\t\t<div class=\"elementor-container elementor-column-gap-default\">\n\t\t\t\t\t<div class=\"elementor-column elementor-col-100 elementor-top-column elementor-element elementor-element-050e7eb\" data-id=\"050e7eb\" data-element_type=\"column\">\n\t\t\t<div class=\"elementor-widget-wrap elementor-element-populated\">\n\t\t\t\t\t\t<div class=\"elementor-element elementor-element-6eb653e elementor-widget elementor-widget-spacer\" data-id=\"6eb653e\" data-element_type=\"widget\" data-widget_type=\"spacer.default\">\n\t\t\t\t<div class=\"elementor-widget-container\">\n\t\t\t\t\t\t\t<div class=\"elementor-spacer\">\n\t\t\t<div class=\"elementor-spacer-inner\"><\/div>\n\t\t<\/div>\n\t\t\t\t\t\t<\/div>\n\t\t\t\t<\/div>\n\t\t\t\t\t<\/div>\n\t\t<\/div>\n\t\t\t\t\t<\/div>\n\t\t<\/section>\n\t\t\t\t<\/div>\n\t\t","protected":false},"excerpt":{"rendered":"<p>Dissemina\u00e7\u00e3o Artigos, livros e cap\u00edtulos de livros Maneta, M., Brites, M. J. &amp; Castro, T. S. (2024). Jovens, not\u00edcias e cidadania digital: (des)conex\u00f5es numa sociedade profundamente digitalizada. In Bonacho, F. &#8230;<\/p>\n","protected":false},"author":1,"featured_media":0,"parent":0,"menu_order":0,"comment_status":"closed","ping_status":"closed","template":"elementor_header_footer","meta":{"_monsterinsights_skip_tracking":false,"_monsterinsights_sitenote_active":false,"_monsterinsights_sitenote_note":"","_monsterinsights_sitenote_category":0,"footnotes":""},"class_list":["post-715","page","type-page","status-publish","hentry"],"yoast_head":"<!-- This site is optimized with the Yoast SEO plugin v24.3 - https:\/\/yoast.com\/wordpress\/plugins\/seo\/ -->\n<title>Dissemina\u00e7\u00e3o - YouNDigital<\/title>\n<meta name=\"robots\" content=\"index, follow, max-snippet:-1, max-image-preview:large, max-video-preview:-1\" \/>\n<link rel=\"canonical\" href=\"https:\/\/youndigital.com\/index.php\/disseminacao\/\" \/>\n<meta property=\"og:locale\" content=\"en_US\" \/>\n<meta property=\"og:type\" content=\"article\" \/>\n<meta property=\"og:title\" content=\"Dissemina\u00e7\u00e3o - YouNDigital\" \/>\n<meta property=\"og:description\" content=\"Dissemina\u00e7\u00e3o Artigos, livros e cap\u00edtulos de livros Maneta, M., Brites, M. J. &amp; Castro, T. S. (2024). Jovens, not\u00edcias e cidadania digital: (des)conex\u00f5es numa sociedade profundamente digitalizada. In Bonacho, F. ...\" \/>\n<meta property=\"og:url\" content=\"https:\/\/youndigital.com\/index.php\/disseminacao\/\" \/>\n<meta property=\"og:site_name\" content=\"YouNDigital\" \/>\n<meta property=\"article:modified_time\" content=\"2025-03-06T15:53:49+00:00\" \/>\n<meta name=\"twitter:card\" content=\"summary_large_image\" \/>\n<meta name=\"twitter:label1\" content=\"Est. reading time\" \/>\n\t<meta name=\"twitter:data1\" content=\"17 minutes\" \/>\n<script type=\"application\/ld+json\" class=\"yoast-schema-graph\">{\"@context\":\"https:\/\/schema.org\",\"@graph\":[{\"@type\":\"WebPage\",\"@id\":\"https:\/\/youndigital.com\/index.php\/disseminacao\/\",\"url\":\"https:\/\/youndigital.com\/index.php\/disseminacao\/\",\"name\":\"Dissemina\u00e7\u00e3o - YouNDigital\",\"isPartOf\":{\"@id\":\"https:\/\/youndigital.com\/#website\"},\"datePublished\":\"2022-11-11T12:14:04+00:00\",\"dateModified\":\"2025-03-06T15:53:49+00:00\",\"breadcrumb\":{\"@id\":\"https:\/\/youndigital.com\/index.php\/disseminacao\/#breadcrumb\"},\"inLanguage\":\"en\",\"potentialAction\":[{\"@type\":\"ReadAction\",\"target\":[\"https:\/\/youndigital.com\/index.php\/disseminacao\/\"]}]},{\"@type\":\"BreadcrumbList\",\"@id\":\"https:\/\/youndigital.com\/index.php\/disseminacao\/#breadcrumb\",\"itemListElement\":[{\"@type\":\"ListItem\",\"position\":1,\"name\":\"Home\",\"item\":\"https:\/\/youndigital.com\/\"},{\"@type\":\"ListItem\",\"position\":2,\"name\":\"Dissemina\u00e7\u00e3o\"}]},{\"@type\":\"WebSite\",\"@id\":\"https:\/\/youndigital.com\/#website\",\"url\":\"https:\/\/youndigital.com\/\",\"name\":\"YouNDigital\",\"description\":\"Youth, News and Digital Citizenship\",\"publisher\":{\"@id\":\"https:\/\/youndigital.com\/#organization\"},\"potentialAction\":[{\"@type\":\"SearchAction\",\"target\":{\"@type\":\"EntryPoint\",\"urlTemplate\":\"https:\/\/youndigital.com\/?s={search_term_string}\"},\"query-input\":{\"@type\":\"PropertyValueSpecification\",\"valueRequired\":true,\"valueName\":\"search_term_string\"}}],\"inLanguage\":\"en\"},{\"@type\":\"Organization\",\"@id\":\"https:\/\/youndigital.com\/#organization\",\"name\":\"YouNDigital\",\"url\":\"https:\/\/youndigital.com\/\",\"logo\":{\"@type\":\"ImageObject\",\"inLanguage\":\"en\",\"@id\":\"https:\/\/youndigital.com\/#\/schema\/logo\/image\/\",\"url\":\"https:\/\/youndigital.com\/wp-content\/uploads\/2022\/10\/cropped-BrancoVerde_72dpi.png\",\"contentUrl\":\"https:\/\/youndigital.com\/wp-content\/uploads\/2022\/10\/cropped-BrancoVerde_72dpi.png\",\"width\":500,\"height\":84,\"caption\":\"YouNDigital\"},\"image\":{\"@id\":\"https:\/\/youndigital.com\/#\/schema\/logo\/image\/\"}}]}<\/script>\n<!-- \/ Yoast SEO plugin. -->","yoast_head_json":{"title":"Dissemina\u00e7\u00e3o - YouNDigital","robots":{"index":"index","follow":"follow","max-snippet":"max-snippet:-1","max-image-preview":"max-image-preview:large","max-video-preview":"max-video-preview:-1"},"canonical":"https:\/\/youndigital.com\/index.php\/disseminacao\/","og_locale":"en_US","og_type":"article","og_title":"Dissemina\u00e7\u00e3o - YouNDigital","og_description":"Dissemina\u00e7\u00e3o Artigos, livros e cap\u00edtulos de livros Maneta, M., Brites, M. J. &amp; Castro, T. S. (2024). Jovens, not\u00edcias e cidadania digital: (des)conex\u00f5es numa sociedade profundamente digitalizada. In Bonacho, F. ...","og_url":"https:\/\/youndigital.com\/index.php\/disseminacao\/","og_site_name":"YouNDigital","article_modified_time":"2025-03-06T15:53:49+00:00","twitter_card":"summary_large_image","twitter_misc":{"Est. reading time":"17 minutes"},"schema":{"@context":"https:\/\/schema.org","@graph":[{"@type":"WebPage","@id":"https:\/\/youndigital.com\/index.php\/disseminacao\/","url":"https:\/\/youndigital.com\/index.php\/disseminacao\/","name":"Dissemina\u00e7\u00e3o - YouNDigital","isPartOf":{"@id":"https:\/\/youndigital.com\/#website"},"datePublished":"2022-11-11T12:14:04+00:00","dateModified":"2025-03-06T15:53:49+00:00","breadcrumb":{"@id":"https:\/\/youndigital.com\/index.php\/disseminacao\/#breadcrumb"},"inLanguage":"en","potentialAction":[{"@type":"ReadAction","target":["https:\/\/youndigital.com\/index.php\/disseminacao\/"]}]},{"@type":"BreadcrumbList","@id":"https:\/\/youndigital.com\/index.php\/disseminacao\/#breadcrumb","itemListElement":[{"@type":"ListItem","position":1,"name":"Home","item":"https:\/\/youndigital.com\/"},{"@type":"ListItem","position":2,"name":"Dissemina\u00e7\u00e3o"}]},{"@type":"WebSite","@id":"https:\/\/youndigital.com\/#website","url":"https:\/\/youndigital.com\/","name":"YouNDigital","description":"Youth, News and Digital Citizenship","publisher":{"@id":"https:\/\/youndigital.com\/#organization"},"potentialAction":[{"@type":"SearchAction","target":{"@type":"EntryPoint","urlTemplate":"https:\/\/youndigital.com\/?s={search_term_string}"},"query-input":{"@type":"PropertyValueSpecification","valueRequired":true,"valueName":"search_term_string"}}],"inLanguage":"en"},{"@type":"Organization","@id":"https:\/\/youndigital.com\/#organization","name":"YouNDigital","url":"https:\/\/youndigital.com\/","logo":{"@type":"ImageObject","inLanguage":"en","@id":"https:\/\/youndigital.com\/#\/schema\/logo\/image\/","url":"https:\/\/youndigital.com\/wp-content\/uploads\/2022\/10\/cropped-BrancoVerde_72dpi.png","contentUrl":"https:\/\/youndigital.com\/wp-content\/uploads\/2022\/10\/cropped-BrancoVerde_72dpi.png","width":500,"height":84,"caption":"YouNDigital"},"image":{"@id":"https:\/\/youndigital.com\/#\/schema\/logo\/image\/"}}]}},"jetpack_sharing_enabled":true,"rttpg_featured_image_url":null,"rttpg_author":{"display_name":"admin","author_link":"https:\/\/youndigital.com\/index.php\/author\/youndigital\/"},"rttpg_comment":0,"rttpg_category":null,"rttpg_excerpt":"Dissemina\u00e7\u00e3o Artigos, livros e cap\u00edtulos de livros Maneta, M., Brites, M. J. &amp; Castro, T. S. (2024). Jovens, not\u00edcias e cidadania digital: (des)conex\u00f5es numa sociedade profundamente digitalizada. In Bonacho, F. ...","_links":{"self":[{"href":"https:\/\/youndigital.com\/index.php\/wp-json\/wp\/v2\/pages\/715","targetHints":{"allow":["GET"]}}],"collection":[{"href":"https:\/\/youndigital.com\/index.php\/wp-json\/wp\/v2\/pages"}],"about":[{"href":"https:\/\/youndigital.com\/index.php\/wp-json\/wp\/v2\/types\/page"}],"author":[{"embeddable":true,"href":"https:\/\/youndigital.com\/index.php\/wp-json\/wp\/v2\/users\/1"}],"replies":[{"embeddable":true,"href":"https:\/\/youndigital.com\/index.php\/wp-json\/wp\/v2\/comments?post=715"}],"version-history":[{"count":485,"href":"https:\/\/youndigital.com\/index.php\/wp-json\/wp\/v2\/pages\/715\/revisions"}],"predecessor-version":[{"id":4043,"href":"https:\/\/youndigital.com\/index.php\/wp-json\/wp\/v2\/pages\/715\/revisions\/4043"}],"wp:attachment":[{"href":"https:\/\/youndigital.com\/index.php\/wp-json\/wp\/v2\/media?parent=715"}],"curies":[{"name":"wp","href":"https:\/\/api.w.org\/{rel}","templated":true}]}}